{"id":15830,"date":"2026-04-17T16:25:02","date_gmt":"2026-04-17T14:25:02","guid":{"rendered":"https:\/\/ausbildung-frankfurt.de\/?post_type=job_listing&#038;p=15830"},"modified":"2026-04-24T19:32:26","modified_gmt":"2026-04-24T17:32:26","slug":"ausbildung-zum-kaufmann-frau-fuer-bueromanagement-m-w-d","status":"publish","type":"job_listing","link":"https:\/\/ausbildung-frankfurt.de\/en\/job\/ausbildung-zum-kaufmann-frau-fuer-bueromanagement-m-w-d\/","title":{"rendered":"Ausbildung zum Kaufmann\/-frau f\u00fcr B\u00fcromanagement (m\/w\/d)"},"content":{"rendered":"\n<p><strong>Die Zukunft braucht dich! Entwickle dich schon am Anfang deiner Karriere Richtung Klimaschutz. Arbeite mit Techem an noch besseren L\u00f6sungen f\u00fcr mehr Energieeffizienz, die Ressourcen und Klima schonen.<\/strong>&nbsp;<\/p>\n\n\n\n<p>&nbsp;Wir sorgen gemeinsam f\u00fcr die digitale Energiewende in Geb\u00e4uden. Als ein f\u00fchrender Servicepartner f\u00fcr smarte und nachhaltige Geb\u00e4ude bieten wir Effizienzsteigerung entlang der gesamten Wertsch\u00f6pfungskette von W\u00e4rme und Wasser in Immobilien an. Techem ist heute mit rund 4.300 Mitarbeitenden in 18&nbsp;L\u00e4ndern aktiv und hat&nbsp;13&nbsp;Millionen Wohnungen im Service.&nbsp;<br>&nbsp;<br>Unsere Werte: Klarheit, Offenheit, Ehrlichkeit, Verbindlichkeit \u2013 Diversit\u00e4t und Inklusion sind bei uns Realit\u00e4t, nicht nur Buzzwords. Als Innovationstreiber bieten wir faszinierende Aufgaben in einem dynamischen Umfeld, flexible Arbeitsm\u00f6glichkeiten und eine offene Unternehmenskultur. Sei Teil der Revolution \u2013&nbsp;Join&nbsp;Techem! \ud83d\ude80&nbsp;<br>&nbsp;<br>Willkommen&nbsp;im Helden-Team: Gemeinsam treiben wir den klimaneutralen Geb\u00e4udebestand voran \u2013 steig bei uns ein als:&nbsp;<\/p>\n\n\n\n<p><strong>Ausbildung zum&nbsp;Kaufmann\/-frau&nbsp;(m\/w\/d) f\u00fcr B\u00fcromanagement&nbsp;<\/strong>&nbsp;<\/p>\n\n\n\n<p><strong>Standort Eschborn&nbsp;<\/strong>&nbsp;<br>Start&nbsp;der Ausbildung ist am 01.09.2026&nbsp;&nbsp;<\/p>\n\n\n\n<p>Dauer 3 Jahre (mit der M\u00f6glichkeit auf Verk\u00fcrzung)&nbsp;<\/p>\n\n\n\n<p><strong>Deine Berufsausbildung ist f\u00fcr Techem besonders wichtig! Und wir haben ein Netzwerk von \u00fcber 100 Fachausbilder*innen, die uns dabei unterst\u00fctzen.&nbsp;&nbsp;&nbsp;<\/strong>&nbsp;<\/p>\n\n\n\n<p><strong>Deine Aufgaben \u2013 Du machst mit uns den Unterschied:<\/strong>&nbsp;<\/p>\n\n\n\n<ul class=\"wp-block-list\">\n<li>In\u00a0Deiner Ausbildung bei Techem lernst\u00a0Du\u00a0das B\u00fcromanagement in einem innovativen, digitalen Umfeld kennen.\u00a0<\/li>\n\n\n\n<li>Du unterst\u00fctzt uns bei vielf\u00e4ltigen organisatorischen Abl\u00e4ufen,\u00a0bearbeitest Kundenanliegen,\u00a0planst gemeinsam mit uns Veranstaltungen\u00a0oder\u00a0k\u00fcmmerst\u00a0Dich um Bestellungen\u00a0und\u00a0Reisebuchungen\u00a0\u2013 weitere Eindr\u00fccke geben wir\u00a0Dir gerne im Vorstellungsgespr\u00e4ch.\u00a0<\/li>\n\n\n\n<li>Dabei unterst\u00fctzen Dich\u00a0unsere vielf\u00e4ltigen\u00a0digitalen Tools\u00a0ebenso wie\u00a0Deine erfahrenen Kolleg*innen\u00a0aus den Fachabteilungen\u00a0\u2013 damit Du nach Deiner Ausbildung bestens vorbereitet bei uns durchstarten kannst.\u00a0<\/li>\n\n\n\n<li>In unseren Azubiprojekten\u00a0kannst du Eigenverantwortung \u00fcbernehmen.\u00a0Zusammen mit den anderen Auszubildenden bist\u00a0Du f\u00fcr die Entwicklung, Organisation und Durchf\u00fchrung verschiedenster Projekte verantwortlich und kannst somit einen\u00a0echten Mehrwert f\u00fcr das Unternehmen\u00a0leisten.\u00a0<\/li>\n<\/ul>\n\n\n\n<p><strong>Ach&nbsp;und \u00fcbrigens: Wo wir eigentlich arbeiten? Mal im Office, mal zu Hause, mal hybrid \u2013 flexibel wird es f\u00fcr Dich in jedem Fall sein.<\/strong>&nbsp;<\/p>\n\n\n\n<p>&nbsp;<strong>Dein Profil \u2013 Damit begeisterst Du uns:<\/strong>&nbsp;<\/p>\n\n\n\n<ul class=\"wp-block-list\">\n<li>Du bringst Eigeninitiative und Motivation mit, um\u00a0Dich weiterzuentwickeln und zu lernen.\u00a0<\/li>\n\n\n\n<li>Du hast\u00a0Spa\u00df am Planen und\u00a0bist ein\u00a0Organisationstalent\u00a0\u2013\u00a0egal,\u00a0ob\u00a0alleine\u00a0oder im Team.\u00a0<\/li>\n\n\n\n<li>Du gl\u00e4nzt mit Deiner guten Kommunikationsf\u00e4higkeit \u2013 sowohl schriftlich als auch m\u00fcndlich.\u00a0<\/li>\n\n\n\n<li>Du f\u00fchlst dich in der digitalen Welt wohl und hast Lust darauf, die Digitalisierung bei Techem voranzutreiben und uns mit deinen Ideen zu \u00fcberraschen.\u00a0\u00a0<\/li>\n\n\n\n<li>F\u00fcr uns z\u00e4hlt Pers\u00f6nlichkeit mehr als der Schulabschluss \u2013 wir freuen uns trotzdem, wenn du einen mittleren Abschluss oder h\u00f6herwertig mitbringst!\u00a0<\/li>\n<\/ul>\n\n\n\n<p><strong>Karriere bei Techem \u2013 Deine Vorteile:<\/strong>&nbsp;<\/p>\n\n\n\n<ul class=\"wp-block-list\">\n<li>W\u00e4hrend Deiner Ausbildung wirst Du von Deinen (Fach-)Ausbilder*innen betreut und nimmst regelm\u00e4\u00dfig an Schulungsmodulen teil, die Dir das passende\u00a0Werkzeug\u00a0mit an die Hand geben.\u00a0<\/li>\n\n\n\n<li>F\u00fcr Deinen Ausbildungsberuf lernst Du alle relevanten Abteilungen bei Techem kennen und hast die M\u00f6glichkeit Deinen Ausbildungsplan aktiv mitzugestalten.\u00a0<\/li>\n\n\n\n<li>Neben einer fairen Ausbildungsverg\u00fctung\u00a0und einer Ausbildungspr\u00e4mie\u00a0erh\u00e4ltst Du bei Techem u.a. einen Fahrgeldzuschuss zu den \u00f6ffentlichen Verkehrsmitteln, verm\u00f6genswirksame Leistungen, Mitarbeiterrabatte, Bike-Leasing und vieles mehr.\u00a0<\/li>\n\n\n\n<li>Wir bieten Dir flexible Arbeitszeiten, ein Gleitzeitkonto und 30 Tage Urlaub pro Kalenderjahr.\u00a0<\/li>\n\n\n\n<li>Techem ist smart und mobil \u2013 bei uns erh\u00e4lt jeder Azubi zu Beginn einen eigenen Laptop.\u00a0<\/li>\n<\/ul>\n\n\n\n<p>Neugierig geworden? Dann bewirb Dich jetzt \u00fcber den&nbsp;unten&nbsp;stehenden&nbsp;Button&nbsp;oder \u00fcber unsere Website&nbsp;<strong>ausbildung.techem.de<\/strong>. Dort findest&nbsp;Du&nbsp;auch noch weitere umfassende Informationen zu unserem Unternehmen&nbsp;und&nbsp;zur&nbsp;Ausbildung bei Techem.&nbsp;<\/p>\n\n\n\n<p><strong>Deine Bewerbung:<\/strong>&nbsp;<\/p>\n\n\n\n<p><strong>Verst\u00e4rke unser Team mit frischen Ideen.&nbsp;<\/strong>&nbsp;<\/p>\n\n\n\n<p><strong>Techem Energy Services GmbH<\/strong>&nbsp;<\/p>\n\n\n\n<p>Helen Orth&nbsp;<br>Hauptstr.&nbsp;89&nbsp;&nbsp;<br>65760 Eschborn&nbsp;&nbsp;<br>Tel.&nbsp;+49&nbsp;6196\/522-2838&nbsp;<br><a target=\"_blank\" href=\"https:\/\/www.techem.de\/\" rel=\"noreferrer noopener\">www.techem.de<\/a><\/p>\n","protected":false},"author":53,"featured_media":0,"comment_status":"closed","ping_status":"closed","template":"","job_listing_type":[141],"job_listing_category":[215,144],"job_listing_location":[205],"job_listing_tag":[],"class_list":["post-15830","job_listing","type-job_listing","status-publish","hentry","job_listing_type-ausbildung","job_listing_category-banken-finanzen","job_listing_category-buero-verwaltung","job_listing_location-eschborn"],"metas":{"_job_featured_image":"","_job_featured":"","_job_filled":"","_job_urgent":"","_job_category":{"215":"Banken &amp; Finanzen","144":"B\u00fcro &amp; Verwaltung"},"_job_type":{"141":"Ausbildung"},"_job_tag":[],"_job_expiry_date":"","_job_gender":"","_job_apply_type":"external","_job_apply_url":"https:\/\/techem.wd3.myworkdayjobs.com\/TechemGermanyCareerApprentice\/job\/Eschborn\/Azubi-Kaufmann--frau-fr-Bromanagement--m-w-d-_R-103916","_job_apply_email":"","_job_salary_type":"","_job_salary":"","_job_experience":"","_job_career_level":"","_job_qualification":"","_job_video_url":"","_job_photos":{"15977":"https:\/\/ausbildung-frankfurt.de\/wp-content\/uploads\/2026\/04\/job_posting_gallery_Fachinformatikerin_junge_Frau_mit_Headset_shutterstock_1780763861-9.webp","15979":"https:\/\/ausbildung-frankfurt.de\/wp-content\/uploads\/2026\/04\/job_posting_gallery_Duales_Studium_Header_4_junge_Menschen_shutterstock_525439699-9.webp","15981":"https:\/\/ausbildung-frankfurt.de\/wp-content\/uploads\/2026\/04\/job_posting_gallery_Azubis_Insigts_Header_4_junge_Menschen_mit_bunten_Zetteln_shutterstock_1175513851-9.webp","15983":"https:\/\/ausbildung-frankfurt.de\/wp-content\/uploads\/2026\/04\/job_posting_gallery_Ausbildung_Header_Gruppe_junger_Menschen_mit_Unterlagen_shutterstock_679473136-9.webp","15985":"https:\/\/ausbildung-frankfurt.de\/wp-content\/uploads\/2026\/04\/job_posting_gallery-2-59.webp","15987":"https:\/\/ausbildung-frankfurt.de\/wp-content\/uploads\/2026\/04\/job_posting_gallery-1-62.webp","15989":"https:\/\/ausbildung-frankfurt.de\/wp-content\/uploads\/2026\/04\/job_posting_gallery-108.webp"},"_job_application_deadline_date":"","_job_address":"Eschborn, Main-Taunus-Kreis, Hesse, 65760, Germany","_job_location":{"205":"Eschborn"},"_job_map_location":{"address":" Eschborn, Main-Taunus-Kreis, Hesse, 65760, Germany","latitude":"50.1504737","longitude":"8.5607767"},"_job_employer_name":"Techem Energy Services GmbH","_job_employer_url":"https:\/\/ausbildung-frankfurt.de\/en\/employer\/techem-energy-services-gmbh\/"},"_links":{"self":[{"href":"https:\/\/ausbildung-frankfurt.de\/en\/wp-json\/wp\/v2\/job_listing\/15830","targetHints":{"allow":["GET"]}}],"collection":[{"href":"https:\/\/ausbildung-frankfurt.de\/en\/wp-json\/wp\/v2\/job_listing"}],"about":[{"href":"https:\/\/ausbildung-frankfurt.de\/en\/wp-json\/wp\/v2\/types\/job_listing"}],"author":[{"embeddable":true,"href":"https:\/\/ausbildung-frankfurt.de\/en\/wp-json\/wp\/v2\/users\/53"}],"replies":[{"embeddable":true,"href":"https:\/\/ausbildung-frankfurt.de\/en\/wp-json\/wp\/v2\/comments?post=15830"}],"wp:attachment":[{"href":"https:\/\/ausbildung-frankfurt.de\/en\/wp-json\/wp\/v2\/media?parent=15830"}],"wp:term":[{"taxonomy":"job_listing_type","embeddable":true,"href":"https:\/\/ausbildung-frankfurt.de\/en\/wp-json\/wp\/v2\/job_listing_type?post=15830"},{"taxonomy":"job_listing_category","embeddable":true,"href":"https:\/\/ausbildung-frankfurt.de\/en\/wp-json\/wp\/v2\/job_listing_category?post=15830"},{"taxonomy":"job_listing_location","embeddable":true,"href":"https:\/\/ausbildung-frankfurt.de\/en\/wp-json\/wp\/v2\/job_listing_location?post=15830"},{"taxonomy":"job_listing_tag","embeddable":true,"href":"https:\/\/ausbildung-frankfurt.de\/en\/wp-json\/wp\/v2\/job_listing_tag?post=15830"}],"curies":[{"name":"wp","href":"https:\/\/api.w.org\/{rel}","templated":true}]}}