{"id":16041,"date":"2026-04-17T18:39:03","date_gmt":"2026-04-17T16:39:03","guid":{"rendered":"https:\/\/ausbildung-frankfurt.de\/?post_type=job_listing&#038;p=16041"},"modified":"2026-04-24T15:09:15","modified_gmt":"2026-04-24T13:09:15","slug":"ausbildung-zur-fachkraft-fuer-lagerlogistik-w-m-d-zum-01-08-2026","status":"publish","type":"job_listing","link":"https:\/\/ausbildung-frankfurt.de\/en\/job\/ausbildung-zur-fachkraft-fuer-lagerlogistik-w-m-d-zum-01-08-2026\/","title":{"rendered":"Ausbildung zur Fachkraft f\u00fcr Lagerlogistik (w\/m\/d) zum 01.08.2026"},"content":{"rendered":"\n<p>Wir suchen dich ab 1. August 2026 als Auszubildenden<\/p>\n\n\n\n<p><strong>\u201eWerkzeuge wie Du\u201c<\/strong>&nbsp;ist f\u00fcr uns PROJAHNer mehr als nur ein Slogan. Es ist unser Versprechen, professionellen Anwendern Produkte in die Hand zu geben, die genauso viel leisten wie sie selbst. Produktiv. Pr\u00e4zise. Schnell. Deshalb konstruieren unsere Ingenieure und Produktmanager nicht einfach nur ein Werkzeug. Sie entwickeln eine individuelle L\u00f6sung, um die Arbeit von Profi-Handwerkern dauerhaft einfacher, sicherer und besser zu machen.<\/p>\n\n\n\n<p>Wir PROJAHNer sind der kompetente Partner f\u00fcr Fachhandel und Profi-Handwerker. Partnerschaften zu pflegen und Vertrauen aufzubauen, ist uns sehr wichtig. Das beginnt bei uns im Team und wirkt auf unsere Kunden. Genau das macht uns erfolgreich. Die Basis daf\u00fcr: Wir h\u00f6ren genau hin, sprechen die richtige Sprache und wertsch\u00e4tzen jeden Einzelnen, um einander auf Augenh\u00f6he zu begegnen.<\/p>\n\n\n\n<p>Wir PROJAHNer stellen den Menschen mit seinen individuellen Bed\u00fcrfnissen und Talenten in den Mittelpunkt. Von der F\u00fchrungskraft \u00fcber die Teamleitung bis zum einzelnen Team-Mitglied. Wir sind h\u00f6chst motiviert und begeistern uns gegenseitig.<\/p>\n\n\n\n<p>Bewirb dich um einen unserer freien Ausbildungspl\u00e4tze zur Fachkraft f\u00fcr Lagerlogistik<\/p>\n\n\n\n<p>Das erwartet Dich w\u00e4hrend der Ausbildung<\/p>\n\n\n\n<p>Fachkr\u00e4fte f\u00fcr Lagerlogistik sind Profis f\u00fcr die Steuerung der Lagerprozesse. Sie sorgen daf\u00fcr, dass Millionen von G\u00fctern in die Welt gelangen.<\/p>\n\n\n\n<p>W\u00e4hrend dieser Ausbildung lernst Du, wie man eingehende Warensendungen fachgerecht lagert, kontrolliert und die Waren in unserem Lagerverwaltungssystem erfasst. Du kommissionierst unsere Kundenauftr\u00e4ge, k\u00fcmmerst Dich um einen fachgerechten Versand unserer G\u00fcter und lernst, wie man Qualit\u00e4tskontrollen durchf\u00fchrt.<\/p>\n\n\n\n<p>Au\u00dferdem lernst Du Flurf\u00f6rderzeuge zu bedienen und zu pflegen, organisierst die Entladung der G\u00fcter und hilfst bei Inventurarbeiten. Zus\u00e4tzlich gilt es die Grunds\u00e4tze aus den Bereichen Sicherheit, Gesundheits- und Umweltschutz zu beachten.<\/p>\n\n\n\n<p>Neben der Berufspraxis besuchst Du w\u00f6chentlich ein- bis zweimal die kaufm\u00e4nnische Berufsschule in Obertshausen. Dort werden Dir weitere theoretische Kenntnisse vermittelt, die Du dann im t\u00e4glichen Arbeitsumfeld umsetzen kannst.<\/p>\n\n\n\n<p>Bei uns erwartet Dich ein innovatives Arbeitsumfeld sowie ein offenes, unkompliziertes Betriebsklima mit flachen Hierarchien und schnellen Entscheidungswegen. Au\u00dferdem bieten wir Dir eine spannende und verantwortungsvolle Ausbildung in einem etablierten und zukunftsorientierten Unternehmen.<\/p>\n\n\n\n<p>Das bieten wir Dir:<\/p>\n\n\n\n<ul class=\"wp-block-list\">\n<li>Intensive Einarbeitung und pers\u00f6nliche Betreuung in den einzelnen Abteilungen<\/li>\n\n\n\n<li>Selbstst\u00e4ndiges Arbeiten<\/li>\n\n\n\n<li>Einen durch gegenseitigen Respekt gepr\u00e4gten Umgang miteinander<\/li>\n\n\n\n<li>Ein modernes Arbeitsumfeld in einem motivierten Team<\/li>\n\n\n\n<li>Betriebliche Altersvorsorge und weitere Zusatzleistungen (Zuschuss RMV Ticket)<\/li>\n\n\n\n<li>Gute Planbarkeit der Arbeitszeiten sowie gute Vereinbarkeit von Beruf, Familie und Privatleben<\/li>\n\n\n\n<li>Attraktive Mitarbeiterrabatte, gemeinsame Teamevents<\/li>\n\n\n\n<li>Gute Erreichbarkeit (\u00f6ffentliche Verkehrsmittel) bzw. kostenfreie Parkpl\u00e4tze<\/li>\n<\/ul>\n\n\n\n<p>Das zeichnet Dich aus:<\/p>\n\n\n\n<p>Du hast Organisationstalent und eine gute r\u00e4umliche Vorstellungskraft. Du bist umsichtig, sorgf\u00e4ltig und hast ein hohes Verantwortungsbewusstsein. Du hast einen \u00fcberzeugenden Haupt- oder Realschulabschluss, bist k\u00f6rperlich fit und ausdauernd. Du hast den Ehrgeiz etwas zu bewegen und Spa\u00df am Arbeiten im Team.<strong>\u00a0Dann bewirb Dich jetzt!<\/strong><\/p>\n","protected":false},"author":150,"featured_media":0,"comment_status":"closed","ping_status":"closed","template":"","job_listing_type":[141],"job_listing_category":[144,153],"job_listing_location":[270],"job_listing_tag":[],"class_list":["post-16041","job_listing","type-job_listing","status-publish","hentry","job_listing_type-ausbildung","job_listing_category-buero-verwaltung","job_listing_category-transport-logistik","job_listing_location-dietzenbach"],"metas":{"_job_featured_image":"","_job_featured":"","_job_filled":"","_job_urgent":"","_job_category":{"144":"B\u00fcro &amp; Verwaltung","153":"Transport &amp; Logistik"},"_job_type":{"141":"Ausbildung"},"_job_tag":[],"_job_expiry_date":"","_job_gender":"","_job_apply_type":"external","_job_apply_url":"https:\/\/www.ausbildung.de\/direktbewerbung\/ausbildung-zur-fachkraft-fuer-lagerlogistik-w-m-d-zum-01-08-2025-bei-projahn-praezisionswerkzeuge-gmbh-in-dietzenbach-e0c80518-3806-4c3c-9857-6a1d30e0c9b3\/","_job_apply_email":"","_job_salary_type":"","_job_salary":"","_job_experience":"","_job_career_level":"","_job_qualification":"","_job_video_url":"","_job_photos":{"16095":"https:\/\/ausbildung-frankfurt.de\/wp-content\/uploads\/2026\/04\/job_posting_gallery-109.webp","16097":"https:\/\/ausbildung-frankfurt.de\/wp-content\/uploads\/2026\/04\/job_posting_gallery_Screenshot_2024-12-04_165917.webp","16099":"https:\/\/ausbildung-frankfurt.de\/wp-content\/uploads\/2026\/04\/job_posting_gallery_Screenshot_2024-12-04_165849.webp","16101":"https:\/\/ausbildung-frankfurt.de\/wp-content\/uploads\/2026\/04\/job_posting_gallery_Screenshot_2024-12-04_165822.webp"},"_job_application_deadline_date":"","_job_address":"Dietzenbach, Landkreis Offenbach, Hesse, 63128, Germany","_job_location":{"270":"Dietzenbach"},"_job_map_location":{"address":" Dietzenbach, Landkreis Offenbach, Hesse, 63128, Germany","latitude":"50.0171926","longitude":"8.784277"},"_job_employer_name":"PROJAHN Pr\u00e4zisionswerkzeuge GmbH","_job_employer_url":"https:\/\/ausbildung-frankfurt.de\/en\/employer\/projahn-praezisionswerkzeuge-gmbh\/"},"_links":{"self":[{"href":"https:\/\/ausbildung-frankfurt.de\/en\/wp-json\/wp\/v2\/job_listing\/16041","targetHints":{"allow":["GET"]}}],"collection":[{"href":"https:\/\/ausbildung-frankfurt.de\/en\/wp-json\/wp\/v2\/job_listing"}],"about":[{"href":"https:\/\/ausbildung-frankfurt.de\/en\/wp-json\/wp\/v2\/types\/job_listing"}],"author":[{"embeddable":true,"href":"https:\/\/ausbildung-frankfurt.de\/en\/wp-json\/wp\/v2\/users\/150"}],"replies":[{"embeddable":true,"href":"https:\/\/ausbildung-frankfurt.de\/en\/wp-json\/wp\/v2\/comments?post=16041"}],"wp:attachment":[{"href":"https:\/\/ausbildung-frankfurt.de\/en\/wp-json\/wp\/v2\/media?parent=16041"}],"wp:term":[{"taxonomy":"job_listing_type","embeddable":true,"href":"https:\/\/ausbildung-frankfurt.de\/en\/wp-json\/wp\/v2\/job_listing_type?post=16041"},{"taxonomy":"job_listing_category","embeddable":true,"href":"https:\/\/ausbildung-frankfurt.de\/en\/wp-json\/wp\/v2\/job_listing_category?post=16041"},{"taxonomy":"job_listing_location","embeddable":true,"href":"https:\/\/ausbildung-frankfurt.de\/en\/wp-json\/wp\/v2\/job_listing_location?post=16041"},{"taxonomy":"job_listing_tag","embeddable":true,"href":"https:\/\/ausbildung-frankfurt.de\/en\/wp-json\/wp\/v2\/job_listing_tag?post=16041"}],"curies":[{"name":"wp","href":"https:\/\/api.w.org\/{rel}","templated":true}]}}