{"id":16115,"date":"2026-04-17T18:56:34","date_gmt":"2026-04-17T16:56:34","guid":{"rendered":"https:\/\/ausbildung-frankfurt.de\/?post_type=job_listing&#038;p=16115"},"modified":"2026-04-24T15:11:12","modified_gmt":"2026-04-24T13:11:12","slug":"duales-studium-logistik-m-w-d","status":"publish","type":"job_listing","link":"https:\/\/ausbildung-frankfurt.de\/en\/job\/duales-studium-logistik-m-w-d\/","title":{"rendered":"Duales Studium Logistik (m\/w\/d)"},"content":{"rendered":"\n<p>Der Studiengang Transport- und Logistikmanagement vermittelt fundiertes Wissen in zentralen Zukunftsthemen der Branche. Im Fokus stehen die\u00a0<strong>digitale Transformation<\/strong>\u00a0von Unternehmen,\u00a0<strong>nachhaltige Unternehmensf\u00fchrung<\/strong>,\u00a0<strong>digitale Plattform\u00f6konomie<\/strong>,\u00a0<strong>Innovationsmanagement<\/strong>\u00a0und<strong>\u00a0internationales Management<\/strong>. Diese Inhalte bereiten optimal auf anspruchsvolle Aufgaben in der Logistik und dar\u00fcber hinaus vor.<\/p>\n\n\n\n<p>Was uns ausmacht<\/p>\n\n\n\n<ul class=\"wp-block-list\">\n<li>Das Studium in kleinen Lerngruppen und die individuelle Betreuung ist die bessere\u00a0Alternative zum \u00fcberf\u00fcllten H\u00f6rsaal.<\/li>\n\n\n\n<li>F\u00fcr deinen pers\u00f6nlichen Studienerfolg setzen wir innovative Lehrmethoden ein.<\/li>\n\n\n\n<li>Unsere praxiserfahrenen Dozierende haben langj\u00e4hrige Erfahrung in der Online- und Pr\u00e4senzlehre.<\/li>\n\n\n\n<li>Die Spitzenqualit\u00e4t unserer anwendungsorientierten Lehre steht f\u00fcr eine hervorragende Erfolgsaussicht beim Studien- und Karriereziel.<\/li>\n\n\n\n<li>Das Studium ist auf die Herausforderungen in der Praxis abgestimmt.<\/li>\n\n\n\n<li>Wir unterst\u00fctzen dich mit unserem Career Center\u00a0bei deiner Karriereplaung.<\/li>\n<\/ul>\n\n\n\n<p>Deine beruflichen Perspektiven<\/p>\n\n\n\n<ul class=\"wp-block-list\">\n<li>Durch unsere Kooperation mit dem BGL bieten wir dir ein einzigartiges Netzwerk in die internationale Wirtschaft<\/li>\n\n\n\n<li>Die interdisziplin\u00e4re Ausrichtung des Studiengangs erm\u00f6glicht dir vielf\u00e4ltige Einsatzm\u00f6glichkeiten<\/li>\n\n\n\n<li>Zukunftsorientierte, innovative Berufsfelder in Industrie-, Logistik-, Handels-, Dienstleistungs- und Beratungsunternehmen stehen dir offen<\/li>\n<\/ul>\n\n\n\n<p>Das sind die Studieninhalte<\/p>\n\n\n\n<p><strong>Folgende F\u00e4higkeiten lernst du bei uns:<\/strong><\/p>\n\n\n\n<ul class=\"wp-block-list\">\n<li>Zukunftstr\u00e4chtige Logistikstrategien innovativer IT- und Cloud-L\u00f6sungen entwickeln<\/li>\n\n\n\n<li>Globale Supply-Chain-Systeme optimieren<\/li>\n\n\n\n<li>Innovative Gesch\u00e4ftsmodelle erarbeiten<\/li>\n\n\n\n<li>Social Responsibility und Nachhaltigkeit beim Aufbau sowie Optimierung globaler Lieferketten integrieren<\/li>\n\n\n\n<li>Zukunftsorientierte F\u00fchrungskompetenzen erwerben<\/li>\n<\/ul>\n\n\n\n<p><strong>Folgende Fokusthemen erwarten dich:<\/strong><\/p>\n\n\n\n<ul class=\"wp-block-list\">\n<li>Digitale Transformation der Unternehmen<\/li>\n\n\n\n<li>Nachhaltige Unternehmensf\u00fchrung<\/li>\n\n\n\n<li>Digitale Plattform\u00f6konomie<\/li>\n\n\n\n<li>Innovationsmanagement<\/li>\n\n\n\n<li>Internationales Management<\/li>\n<\/ul>\n\n\n\n<p>So ist das Studium aufgebaut<\/p>\n\n\n\n<ul class=\"wp-block-list\">\n<li>Zeitmodell, bestehend aus Pr\u00e4senzphase, synchronem sowie asynchronem Lernen<\/li>\n\n\n\n<li>Ohne Einschr\u00e4nkung akkreditiert<\/li>\n\n\n\n<li>Aufteilung der Pr\u00e4senzphasen sowie der synchronen und asynchronen Lerntermine in einem 3-Jahresplan abgebildet; hohe Planbarkeit f\u00fcr Unternehmen \u2013 in der asynchronen Lernphase sind die Studierenden von den Unternehmen nicht freizustellen<\/li>\n\n\n\n<li>Einsatzzeiten \/ Verf\u00fcgbarkeiten bereits zum Beginn des Studiums f\u00fcr die Gesamtdauer bekannt<\/li>\n\n\n\n<li>Keine Pr\u00e4senzphasen zum Jahresende<\/li>\n<\/ul>\n\n\n\n<p><strong>Phase 1:&nbsp;Pr\u00e4senzphase&nbsp;<\/strong>&nbsp;<\/p>\n\n\n\n<ul class=\"wp-block-list\">\n<li>5-t\u00e4gige Vorlesung vor Ort in Frankfurt\/Main an unserem Campus<\/li>\n\n\n\n<li>Veranstaltungen jeweils 08.00 \u2013 17.00 Uhr,\u00a0Montag \u2013 Freitag<\/li>\n\n\n\n<li>Duales oder berufsbegleitendes Studium ohne Samstag als Unterrichtstag<\/li>\n\n\n\n<li>3 Pr\u00e4senzphasen pro Semester<\/li>\n<\/ul>\n\n\n\n<p><strong>Phase 2: Online Vorlesung =&nbsp;Synchrones Lernen<\/strong><\/p>\n\n\n\n<ul class=\"wp-block-list\">\n<li>Dozierende und Student:innen in Echtzeit im virtuellen Vorlesungssaal<\/li>\n\n\n\n<li>Veranstaltungen werden \u00fcber die Videokonferenzplattform Zoom abgebildet<\/li>\n\n\n\n<li>Zweimal w\u00f6chentlich (Dienstag und Donnerstag) 15.45 Uhr<\/li>\n\n\n\n<li>Keinerlei Anwesenheitspflicht, Teilnahme an den Veranstaltungen empfohlen<\/li>\n<\/ul>\n\n\n\n<p><strong>Phase 3: Selbstlernphase =&nbsp;Asynchrones Lernen<\/strong><\/p>\n\n\n\n<ul class=\"wp-block-list\">\n<li>Phase zum Selbstlernen<\/li>\n\n\n\n<li>Studierende bearbeiten einzeln und \/ oder in Gruppen, bspw. Fallstudien, Artikel etc.<\/li>\n\n\n\n<li>Bei Bedarf Coaching seitens der Dozierenden<\/li>\n\n\n\n<li>Studierende arbeiten vollst\u00e4ndig eigenverantwortlich (wann und wo die Aufgaben erledigt werden, obliegt somit allein den Studierenden); Aufgaben k\u00f6nnen an beliebigen Tagen erledigt werden.<\/li>\n\n\n\n<li>Studierende k\u00f6nnen sich Lerninhalte unterst\u00fctzend, u.a. \u00fcber sog. \u201elearning nuggets\u201c (bspw. Erkl\u00e4rvideos) aneignen.<\/li>\n\n\n\n<li>In dieser Phase sind die Studierenden seitens betrieblich voll einsetzbar.<\/li>\n<\/ul>\n\n\n\n<p>Du hast Interesse an logistischen Zusammenh\u00e4ngen, Supply Chain Management, moderner Lagerhaltung, Innovation und digitale Transformation, Nachhaltigkeit, Disposition, Internationalen Unternehmen und globaler Zusammenarbeit?<\/p>\n\n\n\n<p><strong>Dann freuen wir uns auf deine Bewerbung!<\/strong><\/p>\n","protected":false},"author":0,"featured_media":0,"comment_status":"closed","ping_status":"closed","template":"","job_listing_type":[142],"job_listing_category":[144,216],"job_listing_location":[156],"job_listing_tag":[],"class_list":["post-16115","job_listing","type-job_listing","status-publish","hentry","job_listing_type-duales-studium","job_listing_category-buero-verwaltung","job_listing_category-it-digitalisierung","job_listing_location-frankfurt"],"metas":{"_job_featured_image":"","_job_featured":"","_job_filled":"","_job_urgent":"","_job_category":{"144":"B\u00fcro &amp; Verwaltung","216":"IT &amp; Digitalisierung"},"_job_type":{"142":"Duales Studium"},"_job_tag":[],"_job_expiry_date":"","_job_gender":"","_job_apply_type":"external","_job_apply_url":"https:\/\/www.ausbildung.de\/direktbewerbung\/duales-studium-logistik-m-w-d-bei-provadis-school-of-international-management-and-technology-ag-in-frankfurt-am-main-808b43c6-c3dd-4cde-a8fd-45b1320d993c\/","_job_apply_email":"","_job_salary_type":"","_job_salary":"","_job_experience":"","_job_career_level":"","_job_qualification":"","_job_video_url":"","_job_photos":{"16149":"https:\/\/ausbildung-frankfurt.de\/wp-content\/uploads\/2026\/04\/job_posting_gallery_Provadis-29082022-02-Foyer_04ad-20x30cm-JMai_1414u1445-3.webp","16151":"https:\/\/ausbildung-frankfurt.de\/wp-content\/uploads\/2026\/04\/job_posting_gallery_Provadis-29082022-05b-KomZone-Monitor-20x30cm-JMai_2350a-3.webp","16153":"https:\/\/ausbildung-frankfurt.de\/wp-content\/uploads\/2026\/04\/job_posting_gallery_Provadis-31082022-11-Bio-20x30cm-JMai_4626-3.webp","16155":"https:\/\/ausbildung-frankfurt.de\/wp-content\/uploads\/2026\/04\/job_posting_gallery_Provadis-29082022-02-Foyer_02c-20x30cm-JMai_0705-3.webp","16157":"https:\/\/ausbildung-frankfurt.de\/wp-content\/uploads\/2026\/04\/job_posting_gallery_Provadis-29082022-06-Hoersaal-20x30cm-JMai_2614u2622-3.webp"},"_job_application_deadline_date":"","_job_address":"Industriepark H\u00f6chst, Schwanheim, West, Frankfurt, Hesse, 65929, Germany","_job_location":{"156":"Frankfurt"},"_job_map_location":{"address":" Industriepark H\u00f6chst, Schwanheim, West, Frankfurt, Hesse, 65929, Germany","latitude":"50.0857949","longitude":"8.5408313"}},"_links":{"self":[{"href":"https:\/\/ausbildung-frankfurt.de\/en\/wp-json\/wp\/v2\/job_listing\/16115","targetHints":{"allow":["GET"]}}],"collection":[{"href":"https:\/\/ausbildung-frankfurt.de\/en\/wp-json\/wp\/v2\/job_listing"}],"about":[{"href":"https:\/\/ausbildung-frankfurt.de\/en\/wp-json\/wp\/v2\/types\/job_listing"}],"replies":[{"embeddable":true,"href":"https:\/\/ausbildung-frankfurt.de\/en\/wp-json\/wp\/v2\/comments?post=16115"}],"wp:attachment":[{"href":"https:\/\/ausbildung-frankfurt.de\/en\/wp-json\/wp\/v2\/media?parent=16115"}],"wp:term":[{"taxonomy":"job_listing_type","embeddable":true,"href":"https:\/\/ausbildung-frankfurt.de\/en\/wp-json\/wp\/v2\/job_listing_type?post=16115"},{"taxonomy":"job_listing_category","embeddable":true,"href":"https:\/\/ausbildung-frankfurt.de\/en\/wp-json\/wp\/v2\/job_listing_category?post=16115"},{"taxonomy":"job_listing_location","embeddable":true,"href":"https:\/\/ausbildung-frankfurt.de\/en\/wp-json\/wp\/v2\/job_listing_location?post=16115"},{"taxonomy":"job_listing_tag","embeddable":true,"href":"https:\/\/ausbildung-frankfurt.de\/en\/wp-json\/wp\/v2\/job_listing_tag?post=16115"}],"curies":[{"name":"wp","href":"https:\/\/api.w.org\/{rel}","templated":true}]}}