{"id":16347,"date":"2026-04-18T04:56:57","date_gmt":"2026-04-18T02:56:57","guid":{"rendered":"https:\/\/ausbildung-frankfurt.de\/?post_type=job_listing&#038;p=16347"},"modified":"2026-04-24T13:47:39","modified_gmt":"2026-04-24T11:47:39","slug":"ausbildung-zur-pflegefachfrau-m-w-d-start-01-10-2026","status":"publish","type":"job_listing","link":"https:\/\/ausbildung-frankfurt.de\/en\/job\/ausbildung-zur-pflegefachfrau-m-w-d-start-01-10-2026\/","title":{"rendered":"Ausbildung zur Pflegefachfrau (m\/w\/d), Start: 01.10.2026"},"content":{"rendered":"\n<p>Ausbildung zur Pflegefachfrau (m\/w\/d), Start: 01.10.2026<\/p>\n\n\n\n<p><strong>Teilen:<\/strong><strong>Das sind wir:<\/strong><\/p>\n\n\n\n<p>Wir, die GDA, legen einen gro\u00dfen Wert auf das Allgemeinwohl. Als gemeinn\u00fctziges Unternehmen des Parit\u00e4tischen Wohlfahrtsverbandes gestalten wir an bundesweit neun Standorten mit unseren Teams das Zuhause unserer Bewohner. Alles unter einem Dach bieten wir nach Bedarf die passende Hilfe, von ambulanter Pflege im betreuten Wohnen bis zur station\u00e4ren Pflege, auch Tagespflege und \u00fcberzeugen durch Exklusivit\u00e4t in Gastronomie, Service und Kultur.<\/p>\n\n\n\n<p><strong>Standort:<\/strong>&nbsp;Bad Homburg<\/p>\n\n\n\n<p><strong>Arbeitszeit:<\/strong>&nbsp;Vollzeit<\/p>\n\n\n\n<p><strong>Start:<\/strong>&nbsp;ab 01.10.2026<strong>Das bieten wir Ihnen:<\/strong><\/p>\n\n\n\n<ul class=\"wp-block-list\">\n<li>\u00fcberdurchschnittliches Ausbildungsentgelt, brutto\/Monat:<br>im ersten Lehrjahr 1.509,80 \u20ac (+ 100 \u20ac Ortszulage)<br>im zweiten Lehrjahr 1.571,97 \u20ac (+ 100 \u20ac Ortszulage)<br>im dritten Lehrjahr 1.674,58 \u20ac (+ 100 \u20ac Ortszulage)<\/li>\n\n\n\n<li>kostenlose und vor allem leckere Verpflegung aus unseren Frischek\u00fcchen<\/li>\n\n\n\n<li>B\u00fcchergeld bis max. 150 \u20ac innerhalb von drei Jahren<\/li>\n\n\n\n<li>Monatskarte f\u00fcr den \u00d6PNV bis max. 60 \u20ac<\/li>\n\n\n\n<li>Belohnung f\u00fcr gute Schulnoten im Jahreszeugnis (bis zu zwei zus\u00e4tzliche Monatsgeh\u00e4lter brutto)<\/li>\n\n\n\n<li>30 Urlaubstage (5 Tage\/Woche)<\/li>\n\n\n\n<li>Netzwerken und Kontakte kn\u00fcpfen bei regelm\u00e4\u00dfigen Azubiveranstaltungen<\/li>\n\n\n\n<li>Nutzung von modernen Lernplattformen<\/li>\n\n\n\n<li>Mitarbeiter-Rabatte (Mode, Reisen, Lebensmittel und vieles mehr&#8230;)<\/li>\n\n\n\n<li>\u00dcbernahmechancen nach der Ausbildung<\/li>\n<\/ul>\n\n\n\n<p><strong>Das lernen Sie w\u00e4hrend Ihrer Ausbildung:<\/strong><\/p>\n\n\n\n<ul class=\"wp-block-list\">\n<li>Ihre Ausbildung dauert 3 Jahre (auch in Teilzeit m\u00f6glich bis zu 5 Jahre) mit EU- weiter Anerkennung.<\/li>\n\n\n\n<li>W\u00e4hrend Ihrer Ausbildung erfolgen auch Eins\u00e4tze bei unseren Kooperationspartnern (u.a. Krankenhaus).<\/li>\n\n\n\n<li>Sie erlernen die Pflege, Betreuung und Beratung von hilfebed\u00fcrftigen \u00e4lteren Menschen, um eine m\u00f6glichst selbst\u00e4ndige Lebensf\u00fchrung zu erm\u00f6glichen.<\/li>\n\n\n\n<li>Sie unterst\u00fctzen die Bewohnerinnen und Bewohner bei der K\u00f6rperpflege, beim Ankleiden und bei den Mahlzeiten.<\/li>\n\n\n\n<li>Sie lernen Behandlungspflege (z.B. die Vergabe von Medikamenten und die Versorgung von Wunden) durchzuf\u00fchren.<\/li>\n\n\n\n<li>Sie unterst\u00fctzen bei der Erstellung der Pflegedokumentation und \u00dcbernahme von verwaltenden und organisatorischen Aufgaben.<\/li>\n\n\n\n<li>Erwerben von Fachwissen \u00fcber aktuelle Qualit\u00e4tsstandards und rechtliche Grundlagen.<\/li>\n\n\n\n<li>Unsere Praxisanleiterinnen und Praxisanleiter begleiten Sie bei Ihrer pers\u00f6nlichen und beruflichen Entwicklung. Sie sind immer ansprechbar, begleiten Ihren Lernprozess und vermitteln Sicherheit in den praktischen T\u00e4tigkeitsfeldern.<\/li>\n<\/ul>\n\n\n\n<p><strong>Das sind Sie:<\/strong><\/p>\n\n\n\n<ul class=\"wp-block-list\">\n<li>Sie haben einen Realschulabschluss oder einen Hauptschulabschluss und eine mindestens zweij\u00e4hrige Berufsausbildung oder eine einj\u00e4hrige Pflegehelfer-\/Pflegeassistentenausbildung. Wenn Sie sich bei Ihrer Qualifikation nicht sicher sind, dann setzen Sie sich einfach mit uns in Verbindung.<\/li>\n\n\n\n<li>Sie sind freundlich, haben h\u00f6fliche Umgangsformen und ein gepflegtes Erscheinungsbild.<\/li>\n\n\n\n<li>Der Umgang mit \u00e4lteren Menschen und Pflegebed\u00fcrftigen bereitet Ihnen Freude.<\/li>\n\n\n\n<li>Sie sind kontaktfreudig und kundenorientiert.<\/li>\n\n\n\n<li>Sie sind verantwortungsbewusst, zuverl\u00e4ssig und verf\u00fcgen \u00fcber ein gutes Einf\u00fchlungsverm\u00f6gen.<\/li>\n\n\n\n<li>Sie sind engagiert und arbeiten gerne im Team.<\/li>\n\n\n\n<li>Sie verf\u00fcgen \u00fcber gute Deutschkenntnisse (mind. B2).<\/li>\n<\/ul>\n\n\n\n<p><strong>Das sind Ihre Entwicklungsm\u00f6glichkeiten:<\/strong><\/p>\n\n\n\n<ul class=\"wp-block-list\">\n<li>Weiterbildung zum Praxisanleiter (m\/w\/d)<\/li>\n\n\n\n<li>Mit dem Abschluss zum Pflegefachmann (m\/w\/d) k\u00f6nnen Sie Wohnbereichsleitung und\/oder Teamleitung werden<\/li>\n\n\n\n<li>Sie k\u00f6nnen ein pflegebezogenes Studium aufnehmen<\/li>\n\n\n\n<li>Nach einiger Zeit der Praxiserfahrung k\u00f6nnen Sie mit entsprechender Weiterbildung Pflegedienstleitung (m\/w\/d) werden<\/li>\n<\/ul>\n\n\n\n<p><strong>Wir freuen uns auf Sie und Ihre Bewerbung!<\/strong><\/p>\n\n\n\n<p>Das RBS befindet sich nur 20 Min zu Fu\u00df vom Bahnhof entfernt und nur 200 Meter von der Bushaltestelle.<\/p>\n\n\n\n<p><em>Unsere Hinweise zur Verarbeitung deiner personenbezogenen Daten (Informationen gem\u00e4\u00df Art. 13\/14 DSGVO) kannst du unter einsehen.<\/em><\/p>\n\n\n\n<p><strong>GDA Rind\u00b4sches B\u00fcrgerstift<\/strong><br>Frau Doreen Buchholz<br>stellvertr. Leitung ambulanter Dienst<br>Gymnasiumstra\u00dfe 1-3<br>61348 Bad Homburg<br>Telefon: 06172 891 661<br><a href=\"mailto:jobs.bad-homburg.rbs@gda.de\">jobs.bad-homburg.rbs@gda.de<\/a><br>-karriere.de<\/p>\n","protected":false},"author":396,"featured_media":0,"comment_status":"closed","ping_status":"closed","template":"","job_listing_type":[141],"job_listing_category":[217,151],"job_listing_location":[212],"job_listing_tag":[],"class_list":["post-16347","job_listing","type-job_listing","status-publish","hentry","job_listing_type-ausbildung","job_listing_category-medizin-gesundheit","job_listing_category-sicherheit-schutz","job_listing_location-bad-homburg-vor-der-hoehe"],"metas":{"_job_featured_image":"","_job_featured":"","_job_filled":"","_job_urgent":"","_job_category":{"217":"Medizin &amp; Gesundheit","151":"Sicherheit &amp; Schutz"},"_job_type":{"141":"Ausbildung"},"_job_tag":[],"_job_expiry_date":"","_job_gender":"","_job_apply_type":"external","_job_apply_url":"https:\/\/jobs.gda-karriere.de\/de\/jobposting\/017e73260b20e120ed3fc68dfb47785d757f80b40\/apply?ref=ausbildungde","_job_apply_email":"","_job_salary_type":"","_job_salary":"","_job_experience":"","_job_career_level":"","_job_qualification":"","_job_video_url":"","_job_photos":{"16348":"https:\/\/ausbildung-frankfurt.de\/wp-content\/uploads\/2026\/04\/job_posting_gallery_gda_goettingen_0925509608_RZ-1.webp","16350":"https:\/\/ausbildung-frankfurt.de\/wp-content\/uploads\/2026\/04\/job_posting_gallery_gda_goettingen_0925509468_RZ-1.webp","16352":"https:\/\/ausbildung-frankfurt.de\/wp-content\/uploads\/2026\/04\/job_posting_gallery_gda_bad_homburg_100925_505143_RZ-1.webp"},"_job_application_deadline_date":"","_job_address":"Gymnasiumstra\u00dfe, Kirdorf, Bad Homburg vor der H\u00f6he, Hochtaunuskreis, Hesse, 61348, Germany","_job_location":{"212":"Bad Homburg vor der H\u00f6he"},"_job_map_location":{"address":" Gymnasiumstra\u00dfe, Kirdorf, Bad Homburg vor der H\u00f6he, Hochtaunuskreis, Hesse, 61348, Germany","latitude":"50.2314762","longitude":"8.61548"},"_job_employer_name":"Gesellschaft f\u00fcr Dienste im Alter mbH (GDA)","_job_employer_url":"https:\/\/ausbildung-frankfurt.de\/en\/employer\/gesellschaft-fuer-dienste-im-alter-mbh-gda\/"},"_links":{"self":[{"href":"https:\/\/ausbildung-frankfurt.de\/en\/wp-json\/wp\/v2\/job_listing\/16347","targetHints":{"allow":["GET"]}}],"collection":[{"href":"https:\/\/ausbildung-frankfurt.de\/en\/wp-json\/wp\/v2\/job_listing"}],"about":[{"href":"https:\/\/ausbildung-frankfurt.de\/en\/wp-json\/wp\/v2\/types\/job_listing"}],"author":[{"embeddable":true,"href":"https:\/\/ausbildung-frankfurt.de\/en\/wp-json\/wp\/v2\/users\/396"}],"replies":[{"embeddable":true,"href":"https:\/\/ausbildung-frankfurt.de\/en\/wp-json\/wp\/v2\/comments?post=16347"}],"wp:attachment":[{"href":"https:\/\/ausbildung-frankfurt.de\/en\/wp-json\/wp\/v2\/media?parent=16347"}],"wp:term":[{"taxonomy":"job_listing_type","embeddable":true,"href":"https:\/\/ausbildung-frankfurt.de\/en\/wp-json\/wp\/v2\/job_listing_type?post=16347"},{"taxonomy":"job_listing_category","embeddable":true,"href":"https:\/\/ausbildung-frankfurt.de\/en\/wp-json\/wp\/v2\/job_listing_category?post=16347"},{"taxonomy":"job_listing_location","embeddable":true,"href":"https:\/\/ausbildung-frankfurt.de\/en\/wp-json\/wp\/v2\/job_listing_location?post=16347"},{"taxonomy":"job_listing_tag","embeddable":true,"href":"https:\/\/ausbildung-frankfurt.de\/en\/wp-json\/wp\/v2\/job_listing_tag?post=16347"}],"curies":[{"name":"wp","href":"https:\/\/api.w.org\/{rel}","templated":true}]}}