{"id":16942,"date":"2026-04-20T04:45:30","date_gmt":"2026-04-20T02:45:30","guid":{"rendered":"https:\/\/ausbildung-frankfurt.de\/?post_type=job_listing&#038;p=16942"},"modified":"2026-04-24T11:15:26","modified_gmt":"2026-04-24T09:15:26","slug":"ausbildung-zum-isolierfacharbeiter-w-m-d-2026","status":"publish","type":"job_listing","link":"https:\/\/ausbildung-frankfurt.de\/en\/job\/ausbildung-zum-isolierfacharbeiter-w-m-d-2026\/","title":{"rendered":"Ausbildung zum Isolierfacharbeiter (w\/m\/d) &#8211; 2026"},"content":{"rendered":"\n<p>Deine Ausbildung &#8211; Deine Zukunft!<\/p>\n\n\n\n<p>W\u00e4hrend deiner Ausbildung wirst zu zum Spezialist (w\/m\/d) f\u00fcr den W\u00e4rme-, K\u00e4lte-, Schallschutz und den vorbeugenden Brandschutz an Rohrleitungen, Beh\u00e4ltern, Einbauten, Decken und W\u00e4nden. Dein Einsatz erfolgt in industriellen Anlagen wie Raffinerien, Kraftwerken, Brauereien, K\u00fchlh\u00e4usern und auch auf Schiffen. Du bist \u00fcberall da im Einsatz, wo professionelle Isolierung gefragt ist und arbeitest unter anderem mit Mineralwolle-Produkten, Kunststofffolien, Polystyrol und verschiedenen Blechsorten.<br><br>Die betriebliche Ausbildung erfolgt auf Baustellen im Raum&nbsp;<strong>Weiterstadt<\/strong>&nbsp;und Umgebung, w\u00e4hrend die \u00fcberbetriebliche Ausbildung in Bremen stattfindet.&nbsp;<\/p>\n\n\n\n<p>Dein Profil<\/p>\n\n\n\n<ul class=\"wp-block-list\">\n<li>Mindestens Haupt- oder Realschulabschluss<\/li>\n\n\n\n<li>Gute Mathematikkenntnisse<\/li>\n\n\n\n<li>Technisches Verst\u00e4ndnis und handwerkliches Geschick<\/li>\n\n\n\n<li>R\u00e4umliches Vorstellungsverm\u00f6gen<\/li>\n\n\n\n<li>Genaue und sorgf\u00e4ltige Arbeitsweise<\/li>\n\n\n\n<li>Teamgeist, Flexibilit\u00e4t &amp; Motivation<\/li>\n<\/ul>\n\n\n\n<p>Deine Benefits<\/p>\n\n\n\n<ul class=\"wp-block-list\">\n<li>Erfolgreiche Ausbildung seit mehr als 80 Jahren<\/li>\n\n\n\n<li>Einf\u00fchrungstage f\u00fcr neue Auszubildende<\/li>\n\n\n\n<li>Ausbildungsverg\u00fctung nach Tarif, Fahrtkostenerstattung &amp; Leistungspr\u00e4mien<\/li>\n\n\n\n<li>Attraktive Sozialleistungen gem\u00e4\u00df Bautarif (z. B. 30 Tage Urlaub, verm\u00f6genswirksame Leistungen, Urlaubs- und Weihnachtsgeld)<\/li>\n\n\n\n<li>Zusatzqualifikationen wie Staplerf\u00fchrerschein &amp; Ersthelferkurse<\/li>\n\n\n\n<li>Standortbezogenes Angebot von Firmenfitness<\/li>\n<\/ul>\n","protected":false},"author":520,"featured_media":0,"comment_status":"closed","ping_status":"closed","template":"","job_listing_type":[141],"job_listing_category":[143,146],"job_listing_location":[156],"job_listing_tag":[],"class_list":["post-16942","job_listing","type-job_listing","status-publish","hentry","job_listing_type-ausbildung","job_listing_category-bauwesen","job_listing_category-handwerk-produktion","job_listing_location-frankfurt"],"metas":{"_job_featured_image":"","_job_featured":"","_job_filled":"","_job_urgent":"","_job_category":{"143":"Bauwesen","146":"Handwerk &amp; Produktion"},"_job_type":{"141":"Ausbildung"},"_job_tag":[],"_job_expiry_date":"","_job_gender":"","_job_apply_type":"external","_job_apply_url":"https:\/\/www.ausbildung.de\/direktbewerbung\/ausbildung-zum-isolierfacharbeiter-w-m-d-2026-bei-kaefer-deutschland-pro-services-gmbh-in-weiterstadt-e1d5c7b7-072c-48c0-8ca4-af89d57a4867\/","_job_apply_email":"","_job_salary_type":"","_job_salary":"","_job_experience":"","_job_career_level":"","_job_qualification":"","_job_video_url":"","_job_photos":{"16950":"https:\/\/ausbildung-frankfurt.de\/wp-content\/uploads\/2026\/04\/job_posting_gallery_250522_KF_Ausbildung.de_1140x435.webp"},"_job_application_deadline_date":"","_job_address":"19, Brunnenweg, Riedbahn, Weiterstadt, Landkreis Darmstadt-Dieburg, Hesse, 64331, Germany","_job_location":{"156":"Frankfurt"},"_job_map_location":{"address":" 19, Brunnenweg, Riedbahn, Weiterstadt, Landkreis Darmstadt-Dieburg, Hesse, 64331, Germany","latitude":"49.9040237","longitude":"8.604403"}},"_links":{"self":[{"href":"https:\/\/ausbildung-frankfurt.de\/en\/wp-json\/wp\/v2\/job_listing\/16942","targetHints":{"allow":["GET"]}}],"collection":[{"href":"https:\/\/ausbildung-frankfurt.de\/en\/wp-json\/wp\/v2\/job_listing"}],"about":[{"href":"https:\/\/ausbildung-frankfurt.de\/en\/wp-json\/wp\/v2\/types\/job_listing"}],"author":[{"embeddable":true,"href":"https:\/\/ausbildung-frankfurt.de\/en\/wp-json\/wp\/v2\/users\/520"}],"replies":[{"embeddable":true,"href":"https:\/\/ausbildung-frankfurt.de\/en\/wp-json\/wp\/v2\/comments?post=16942"}],"wp:attachment":[{"href":"https:\/\/ausbildung-frankfurt.de\/en\/wp-json\/wp\/v2\/media?parent=16942"}],"wp:term":[{"taxonomy":"job_listing_type","embeddable":true,"href":"https:\/\/ausbildung-frankfurt.de\/en\/wp-json\/wp\/v2\/job_listing_type?post=16942"},{"taxonomy":"job_listing_category","embeddable":true,"href":"https:\/\/ausbildung-frankfurt.de\/en\/wp-json\/wp\/v2\/job_listing_category?post=16942"},{"taxonomy":"job_listing_location","embeddable":true,"href":"https:\/\/ausbildung-frankfurt.de\/en\/wp-json\/wp\/v2\/job_listing_location?post=16942"},{"taxonomy":"job_listing_tag","embeddable":true,"href":"https:\/\/ausbildung-frankfurt.de\/en\/wp-json\/wp\/v2\/job_listing_tag?post=16942"}],"curies":[{"name":"wp","href":"https:\/\/api.w.org\/{rel}","templated":true}]}}