{"id":17203,"date":"2026-04-20T07:31:33","date_gmt":"2026-04-20T05:31:33","guid":{"rendered":"https:\/\/ausbildung-frankfurt.de\/?post_type=job_listing&#038;p=17203"},"modified":"2026-04-24T07:52:26","modified_gmt":"2026-04-24T05:52:26","slug":"ausbildung-kaufmann-frau-fuer-spedition-und-logistikdienstleistung-m-w-d-4","status":"publish","type":"job_listing","link":"https:\/\/ausbildung-frankfurt.de\/en\/job\/ausbildung-kaufmann-frau-fuer-spedition-und-logistikdienstleistung-m-w-d-4\/","title":{"rendered":"Ausbildung Kaufmann\/-frau f\u00fcr Spedition und Logistikdienstleistung (m\/w\/d)"},"content":{"rendered":"\n<p>\u00dcber Raben<\/p>\n\n\n\n<p><strong>Mit Drive in Deine Zukunft!&nbsp;<\/strong>Du hast den Drive, Dich einzubringen, Wissen und Erfahrung zu sammeln? Dann ist die Raben Group der perfekte Ort f\u00fcr Deinen Karrierestart in der zukunftssicheren Logistikbranche! Viele unserer heutigen Mitarbeiter und Mitarbeiterinnen haben ihr Abenteuer bei Raben mit einer Ausbildung begonnen. Gehe auch Du Deinen Weg bei Raben und werde Teil unseres Teams!<\/p>\n\n\n\n<p>Wir bieten Dir<\/p>\n\n\n\n<ul class=\"wp-block-list\">\n<li>Eine interessante, dreij\u00e4hrige Ausbildung (bei guten Leistungen Option zur Verk\u00fcrzung auf 2,5 Jahre) in einem zukunftssicheren Beruf und einem internationalen Unternehmen<\/li>\n\n\n\n<li>Freundliche Arbeitsatmosph\u00e4re mit Duz-Kultur bis zu unserem Gesch\u00e4ftsf\u00fchrer Ewald Raben<\/li>\n\n\n\n<li>Ein umfassendes Onboarding, um schnell und sicher in der Raben-Welt starten zu k\u00f6nnen<\/li>\n\n\n\n<li>Patenprogramm zur Unterst\u00fctzung in der gesamten Ausbildung<\/li>\n\n\n\n<li>Externe und interne Schulungsma\u00dfnahmen und Unterst\u00fctzung bei der Pr\u00fcfungsvorbereitung<\/li>\n\n\n\n<li>Attraktive Mitarbeiterrabatte sowie weitere Benefits<\/li>\n\n\n\n<li>Azubi-Austausch innerhalb der Niederlassungen der Raben Group m\u00f6glich<\/li>\n\n\n\n<li>Gute Perspektiven f\u00fcr Deine berufliche Entwicklung und \u00dcbernahme<\/li>\n\n\n\n<li>Betriebliche Sozialleistungen wie verm\u00f6genswirksame Leistungen und eine betriebliche Altersvorsorge<\/li>\n<\/ul>\n\n\n\n<p>Was Dich erwartet<\/p>\n\n\n\n<p>Du wirst das clevere K\u00f6pfchen f\u00fcr alles, was mit Transport zu tun hat: Als Azubi\/ne zum Kaufmann\/-frau f\u00fcr Spedition und Logistikdienstleistung lernst Du wie die Waren bei unseren Kunden p\u00fcnktlich und sicher ihren Zielort erreichen. Wir bringen Dir bei, Transportauftr\u00e4ge zu planen und zu organisieren. Du erlernst den sicheren Umgang mit Gesch\u00e4ftspartnern und Kunden im In- und Ausland. Du erh\u00e4ltst Einblicke in die vielf\u00e4ltigen nationalen und internationalen Abteilungen: Vertrieb, Disposition, Kundenservice, Wareneingang und \u2013ausgang u.v.m.<\/p>\n\n\n\n<p>Was wir erwarten<\/p>\n\n\n\n<ul class=\"wp-block-list\">\n<li>Guter Real-\/Wirtschaftsschulabschluss oder idealerweise Abitur f\u00fcr die kaufm\u00e4nnische Ausbildung<\/li>\n\n\n\n<li>Flie\u00dfende Deutschkenntnisse, aber auch gute Noten in Mathe und Englisch bringst Du mit<\/li>\n\n\n\n<li>Du hast Freude an neuen Aufgaben, dabei zeichnet Dich eine sorgf\u00e4ltige und zuverl\u00e4ssige Arbeitsweise aus<\/li>\n\n\n\n<li>Du bist jetzt schon ein Organisationstalent und beh\u00e4ltst auch in hektischen Situationen einen k\u00fchlen Kopf<\/li>\n\n\n\n<li>Der Umgang mit dem Laptop und MS Office Programmen ist Dir vertraut<\/li>\n\n\n\n<li>Du hast die Bereitschaft zum Reisen, um andere Raben Standorte kennenzulernen<\/li>\n<\/ul>\n","protected":false},"author":250,"featured_media":0,"comment_status":"closed","ping_status":"closed","template":"","job_listing_type":[141],"job_listing_category":[144,153],"job_listing_location":[279],"job_listing_tag":[],"class_list":["post-17203","job_listing","type-job_listing","status-publish","hentry","job_listing_type-ausbildung","job_listing_category-buero-verwaltung","job_listing_category-transport-logistik","job_listing_location-erlensee"],"metas":{"_job_featured_image":"","_job_featured":"","_job_filled":"","_job_urgent":"","_job_category":{"144":"B\u00fcro &amp; Verwaltung","153":"Transport &amp; Logistik"},"_job_type":{"141":"Ausbildung"},"_job_tag":[],"_job_expiry_date":"","_job_gender":"","_job_apply_type":"external","_job_apply_url":"https:\/\/system.erecruiter.pl\/FormTemplates\/RecruitmentForm.aspx?WebID=dcf70a89eb0d445dab6b43728ea358d3","_job_apply_email":"","_job_salary_type":"","_job_salary":"","_job_experience":"","_job_career_level":"","_job_qualification":"","_job_video_url":"","_job_photos":{"17219":"https:\/\/ausbildung-frankfurt.de\/wp-content\/uploads\/2026\/04\/job_posting_gallery_EB_Bild_Ausbildung.de_Galerie_1140_x_435_px_Fahrer_3-1.webp","17221":"https:\/\/ausbildung-frankfurt.de\/wp-content\/uploads\/2026\/04\/job_posting_gallery_EB_Bild_Ausbildung.de_Galerie_1140_x_435_px_Fahrer_2-1.webp","17223":"https:\/\/ausbildung-frankfurt.de\/wp-content\/uploads\/2026\/04\/job_posting_gallery_EB_Bild_Ausbildung.de_Galerie_1140_x_435_px_Lager_3-1.webp","17225":"https:\/\/ausbildung-frankfurt.de\/wp-content\/uploads\/2026\/04\/job_posting_gallery_EB_Bild_Ausbildung.de_Galerie_1140_x_435_px_Lager_2-1.webp","17227":"https:\/\/ausbildung-frankfurt.de\/wp-content\/uploads\/2026\/04\/job_posting_gallery_EB_Bild_Ausbildung.de_Galerie_1140_x_435_px_Jump-1.webp"},"_job_application_deadline_date":"","_job_address":"Erlensee - Marie-Curie-Str. 5, 63526 Erlensee","_job_location":{"279":"Erlensee"},"_job_map_location":{"address":"Erlensee - Marie-Curie-Str. 5, 63526 Erlensee","latitude":"50.1805325","longitude":"9.007885"},"_job_employer_name":"Raben Group Germany","_job_employer_url":"https:\/\/ausbildung-frankfurt.de\/en\/employer\/raben-group-germany\/"},"_links":{"self":[{"href":"https:\/\/ausbildung-frankfurt.de\/en\/wp-json\/wp\/v2\/job_listing\/17203","targetHints":{"allow":["GET"]}}],"collection":[{"href":"https:\/\/ausbildung-frankfurt.de\/en\/wp-json\/wp\/v2\/job_listing"}],"about":[{"href":"https:\/\/ausbildung-frankfurt.de\/en\/wp-json\/wp\/v2\/types\/job_listing"}],"author":[{"embeddable":true,"href":"https:\/\/ausbildung-frankfurt.de\/en\/wp-json\/wp\/v2\/users\/250"}],"replies":[{"embeddable":true,"href":"https:\/\/ausbildung-frankfurt.de\/en\/wp-json\/wp\/v2\/comments?post=17203"}],"wp:attachment":[{"href":"https:\/\/ausbildung-frankfurt.de\/en\/wp-json\/wp\/v2\/media?parent=17203"}],"wp:term":[{"taxonomy":"job_listing_type","embeddable":true,"href":"https:\/\/ausbildung-frankfurt.de\/en\/wp-json\/wp\/v2\/job_listing_type?post=17203"},{"taxonomy":"job_listing_category","embeddable":true,"href":"https:\/\/ausbildung-frankfurt.de\/en\/wp-json\/wp\/v2\/job_listing_category?post=17203"},{"taxonomy":"job_listing_location","embeddable":true,"href":"https:\/\/ausbildung-frankfurt.de\/en\/wp-json\/wp\/v2\/job_listing_location?post=17203"},{"taxonomy":"job_listing_tag","embeddable":true,"href":"https:\/\/ausbildung-frankfurt.de\/en\/wp-json\/wp\/v2\/job_listing_tag?post=17203"}],"curies":[{"name":"wp","href":"https:\/\/api.w.org\/{rel}","templated":true}]}}