{"id":17284,"date":"2026-04-20T08:38:52","date_gmt":"2026-04-20T06:38:52","guid":{"rendered":"https:\/\/ausbildung-frankfurt.de\/?post_type=job_listing&#038;p=17284"},"modified":"2026-04-24T08:24:24","modified_gmt":"2026-04-24T06:24:24","slug":"landschaftsgaertner-gaertner-m-w-d-4","status":"publish","type":"job_listing","link":"https:\/\/ausbildung-frankfurt.de\/en\/job\/landschaftsgaertner-gaertner-m-w-d-4\/","title":{"rendered":"Landschaftsg\u00e4rtner \/ G\u00e4rtner (m\/w\/d)"},"content":{"rendered":"\n<p><strong>AUSBILDUNGSJAHR 2026 \u2013 BERWIRB\u2019 DICH JETZT<\/strong><\/p>\n\n\n\n<p><strong>Du bist lieber drau\u00dfen in der Natur als am Schreibtisch?<\/strong>&nbsp;Suchst Abwechslung, hast Spa\u00df am Gestalten und Lust, im Team richtig mit anzupacken? Dann bist Du bei uns genau richtig! Wir bilden aus und bieten Dir sichere Perspektiven f\u00fcr die Zukunft.<\/p>\n\n\n\n<p><strong>150 MITARBEITER = 150 M\u00d6GLICHKEITEN F\u00dcR DEINE AUSBILDUNG!<\/strong><\/p>\n\n\n\n<p><strong>Wir begeistern uns f\u00fcr unseren Beruf \u2013 Wir wollen auch Dich begeistern.&nbsp;<\/strong>Du arbeitest gern im Freien, suchst die k\u00f6rperliche Aktivit\u00e4t und willst deine Umwelt gestalten?&nbsp;<strong>Dann werde Landschaftsg\u00e4rtner\/in bei der Odenw\u00e4ller GmbH.<\/strong><\/p>\n\n\n\n<p><strong>DAS BIETET DIR DIE ODENW\u00c4LLER GMBH:<\/strong><\/p>\n\n\n\n<ul class=\"wp-block-list\">\n<li>Ein starkes Team \u2013 Kollegen werden zu Freunden<\/li>\n\n\n\n<li>Hohe Motivation \u2013 Zielorientiert und respektvoll<\/li>\n\n\n\n<li>Hohe \u00dcbernahmequote nach der Ausbildung<\/li>\n\n\n\n<li>F\u00fchrung und F\u00f6rderung bei hoher Eigenkreativit\u00e4t<\/li>\n\n\n\n<li>Hilfsbereitschaft wird bei uns gro\u00df geschrieben<\/li>\n\n\n\n<li>Austauschm\u00f6glichkeiten mit anderen gro\u00dfen GaLaBau Betrieben<\/li>\n\n\n\n<li>Du erh\u00e4ltst deine eigene Arbeitskleidung<\/li>\n\n\n\n<li>Sommer- und Winteroutfit, Handschuhe, T-Shirts, uvm.<\/li>\n\n\n\n<li>Stellung von Sicherheitsschuhen<\/li>\n\n\n\n<li>Stellung von Werkzeug und Ausr\u00fcstung<\/li>\n\n\n\n<li>Maschineneinweisungen in unserem gro\u00dfen Fuhrpark<\/li>\n\n\n\n<li>Moderne- und Projekt bezogene Spezialwerkzeuge<\/li>\n\n\n\n<li>Betriebsinterne Schulungen<\/li>\n\n\n\n<li>Schulungen durch externes Fachpersonal<\/li>\n\n\n\n<li>Interner Ansprechpartner f\u00fcr alle Auszubildenden<\/li>\n\n\n\n<li>Externer Ansprechpartner f\u00fcr alle Auszubildenden<\/li>\n\n\n\n<li>Vielf\u00e4ltige weitere Schulungsm\u00f6glichkeiten:<\/li>\n\n\n\n<li>F\u00fchrerscheine<\/li>\n\n\n\n<li>Motors\u00e4genschein<\/li>\n\n\n\n<li>Kletterkurse<\/li>\n\n\n\n<li>uvm.<\/li>\n\n\n\n<li>Auch der Chef hat ein offenes Ohr f\u00fcr dich \ud83d\ude09<\/li>\n\n\n\n<li>Online Berichtsheft \u2013\u00a0<em><a href=\"https:\/\/www.berichtsheft-galabau.de\/\" target=\"_blank\" rel=\"noreferrer noopener\">www.berichtsheft-galabau.de<\/a>\/<\/em><\/li>\n\n\n\n<li><strong>Bei entsprechender Qualifikation Weiterbildung zum Meister \/ Techniker \/ Bauleiter.<\/strong><\/li>\n<\/ul>\n","protected":false},"author":160,"featured_media":0,"comment_status":"closed","ping_status":"closed","template":"","job_listing_type":[141],"job_listing_category":[143,146],"job_listing_location":[298],"job_listing_tag":[],"class_list":["post-17284","job_listing","type-job_listing","status-publish","hentry","job_listing_type-ausbildung","job_listing_category-bauwesen","job_listing_category-handwerk-produktion","job_listing_location-main-kinzig-kreis"],"metas":{"_job_featured_image":"","_job_featured":"","_job_filled":"","_job_urgent":"","_job_category":{"143":"Bauwesen","146":"Handwerk &amp; Produktion"},"_job_type":{"141":"Ausbildung"},"_job_tag":[],"_job_expiry_date":"","_job_gender":"","_job_apply_type":"external","_job_apply_url":"https:\/\/www.landschaftsgaertner.com\/stelle\/12624\/","_job_apply_email":"","_job_salary_type":"","_job_salary":"","_job_experience":"","_job_career_level":"","_job_qualification":"","_job_video_url":"","_job_photos":{"17301":"https:\/\/ausbildung-frankfurt.de\/wp-content\/uploads\/2026\/04\/job_posting_gallery_Galabau_Azubis__CT84279-1.webp","17303":"https:\/\/ausbildung-frankfurt.de\/wp-content\/uploads\/2026\/04\/job_posting_gallery_Azubi_Galabau_CT85381-2.webp","17305":"https:\/\/ausbildung-frankfurt.de\/wp-content\/uploads\/2026\/04\/job_posting_gallery_Azubi_Galabau_CT85325-2.webp","17307":"https:\/\/ausbildung-frankfurt.de\/wp-content\/uploads\/2026\/04\/job_posting_gallery_Azubi_CT86954_web-4.webp","17309":"https:\/\/ausbildung-frankfurt.de\/wp-content\/uploads\/2026\/04\/job_posting_gallery_Azubi_CT86836_web-4.webp","17311":"https:\/\/ausbildung-frankfurt.de\/wp-content\/uploads\/2026\/04\/job_posting_gallery_Azubi_CT86701_web-4.webp"},"_job_application_deadline_date":"","_job_address":"18, Antoniterstra\u00dfe, Butterstadt, Bruchk\u00f6bel, Main-Kinzig-Kreis, Hesse, 63486, Germany","_job_location":{"298":"Main-Kinzig-Kreis"},"_job_map_location":{"address":" 18, Antoniterstra\u00dfe, Butterstadt, Bruchk\u00f6bel, Main-Kinzig-Kreis, Hesse, 63486, Germany","latitude":"50.2114563","longitude":"8.9372323"},"_job_employer_name":"Die Landschaftsg\u00e4rtner","_job_employer_url":"https:\/\/ausbildung-frankfurt.de\/en\/employer\/die-landschaftsgaertner\/"},"_links":{"self":[{"href":"https:\/\/ausbildung-frankfurt.de\/en\/wp-json\/wp\/v2\/job_listing\/17284","targetHints":{"allow":["GET"]}}],"collection":[{"href":"https:\/\/ausbildung-frankfurt.de\/en\/wp-json\/wp\/v2\/job_listing"}],"about":[{"href":"https:\/\/ausbildung-frankfurt.de\/en\/wp-json\/wp\/v2\/types\/job_listing"}],"author":[{"embeddable":true,"href":"https:\/\/ausbildung-frankfurt.de\/en\/wp-json\/wp\/v2\/users\/160"}],"replies":[{"embeddable":true,"href":"https:\/\/ausbildung-frankfurt.de\/en\/wp-json\/wp\/v2\/comments?post=17284"}],"wp:attachment":[{"href":"https:\/\/ausbildung-frankfurt.de\/en\/wp-json\/wp\/v2\/media?parent=17284"}],"wp:term":[{"taxonomy":"job_listing_type","embeddable":true,"href":"https:\/\/ausbildung-frankfurt.de\/en\/wp-json\/wp\/v2\/job_listing_type?post=17284"},{"taxonomy":"job_listing_category","embeddable":true,"href":"https:\/\/ausbildung-frankfurt.de\/en\/wp-json\/wp\/v2\/job_listing_category?post=17284"},{"taxonomy":"job_listing_location","embeddable":true,"href":"https:\/\/ausbildung-frankfurt.de\/en\/wp-json\/wp\/v2\/job_listing_location?post=17284"},{"taxonomy":"job_listing_tag","embeddable":true,"href":"https:\/\/ausbildung-frankfurt.de\/en\/wp-json\/wp\/v2\/job_listing_tag?post=17284"}],"curies":[{"name":"wp","href":"https:\/\/api.w.org\/{rel}","templated":true}]}}