{"id":17876,"date":"2026-04-11T14:13:05","date_gmt":"2026-04-11T12:13:05","guid":{"rendered":"https:\/\/ausbildung-frankfurt.de\/?post_type=job_listing&#038;p=17876"},"modified":"2026-04-25T09:10:36","modified_gmt":"2026-04-25T07:10:36","slug":"ausbildung-zum-industriemechaniker-mit-fachrichtung-instandhaltung-m-w-d-ab-01-08-2026","status":"publish","type":"job_listing","link":"https:\/\/ausbildung-frankfurt.de\/en\/job\/ausbildung-zum-industriemechaniker-mit-fachrichtung-instandhaltung-m-w-d-ab-01-08-2026\/","title":{"rendered":"Ausbildung zum Industriemechaniker mit Fachrichtung Instandhaltung (m\/w\/d) ab 01.08.2026"},"content":{"rendered":"\n<p>Deine Ausbildung<\/p>\n\n\n\n<p>Du bist auf der Suche nach einer Ausbildung, bei der du von Anfang an aktiv dabei bist und deine eigenen Ideen einbringen kannst? Du m\u00f6chtest hinter die Kulissen der Lebensmittel- und Getr\u00e4nkeindustrie schauen? Beste Chancen auf eine langfristige Karriere klingen gut f\u00fcr dich? Dann bist du bei D\u00f6hler genau richtig! Denn bei uns wirst du direkt in unser Team integriert, entwickelst gemeinsam mit deinen Kollegen*innen die Ern\u00e4hrungstrends von morgen und hast die besten Voraussetzungen, mit uns zu wachsen.<\/p>\n\n\n\n<p><br>Wir suchen engagierte, motivierte Pers\u00f6nlichkeiten, die neugierig sind und richtig Lust haben etwas zu bewegen!<\/p>\n\n\n\n<p><strong>Deine Ausbildung<\/strong><br><br>Starte deine Duale Ausbildung im Headquarter der D\u00f6hlerGruppe in Darmstadt.&nbsp;Im Wechsel zwischen praktischen Eins\u00e4tzen im Headquarter der D\u00f6hlerGruppe, unserem Kooperationspartner PITTLER in Langen und der Berufsschule durchl\u00e4ufst Du alle spannenden technischen Abteilungen eines internationalen Unternehmen der Lebensmittel- und Getr\u00e4nkeindustrie:<\/p>\n\n\n\n<p>Gemeinsam mit deinen Kollegen sorgst du daf\u00fcr, dass alle Anlagen und Maschinen ohne Probleme funktionieren und h\u00e4ltst dabei die Produktion eines internationalen Getr\u00e4nke- und Lebensmittelherstellers am Laufen<\/p>\n\n\n\n<ul class=\"wp-block-list\">\n<li>Mitarbeit im gesamten Prozess des Mechanik-Teams<\/li>\n\n\n\n<li>Durchf\u00fchrung und Kontrolle von Wartungs- und Instandhaltungsarbeiten<\/li>\n\n\n\n<li>Ausf\u00fchren von Umbauma\u00dfnahmen oder Reparaturen an unseren Maschinen und Anlagen<\/li>\n\n\n\n<li>Bearbeitung von Werkstattauftr\u00e4gen<\/li>\n\n\n\n<li>Mitwirken an Optimierungsprojekten und Neuinstallationen<\/li>\n<\/ul>\n\n\n\n<p>Die theoretische Ausbildung an der Berufsschule vermittelt Dir ein solides Grundwissen in der Mechanik und allen daran angrenzenden Disziplinen.<br><br><strong>Ausbildungsdauer:&nbsp;<\/strong>3,5 Jahre, die mit entsprechenden Leistungen w\u00e4hrend der Ausbildung auf 3 Jahre verk\u00fcrzt werden k\u00f6nnen.<\/p>\n\n\n\n<p>Dein Profil<\/p>\n\n\n\n<p>Du bist dynamisch, ehrgeizig und &#8230;<\/p>\n\n\n\n<ul class=\"wp-block-list\">\n<li>bist aufgeschlossen, belastbar und arbeitest gerne im Team<\/li>\n\n\n\n<li>hast Interesse an technischen Zusammenh\u00e4ngen und an der Arbeit mit gro\u00dfen Maschinen<\/li>\n\n\n\n<li>hast handwerkliches Geschick und ggf. sogar ein Hobby, welches technisches Verst\u00e4ndnis von dir verlangt<\/li>\n\n\n\n<li>hast gute Kenntnisse in Physik, Mathe und Deutsch<\/li>\n\n\n\n<li>hast einen guten Realschulabschluss, (Fach-) Abitur oder absolvierst gerade ein Studium und merkst, dir fehlt neben der reinen Theorie die Praxis<\/li>\n<\/ul>\n\n\n\n<p>Deine Benefits<\/p>\n\n\n\n<ul class=\"wp-block-list\">\n<li><strong>Kultur<\/strong>:\u00a0Gerne per DU, familiengef\u00fchrtes Unternehmen, flache Hierarchien, kurze Kommunikationswege und hilfsbereite Kolleg:innen<\/li>\n\n\n\n<li><strong>Regelm\u00e4\u00dfiges Feedback<\/strong>: Ein regelm\u00e4\u00dfiger Austausch zu deinem Leistungsstand ist bereits w\u00e4hrend deiner Ausbildung fester Bestandteil. Uns ist es wichtig, dass du wei\u00dft, wo du stehst und worin du dich noch verbessern kannst.<\/li>\n\n\n\n<li><strong>Kooperationspartner f\u00fcr zus\u00e4tzliche Schulungen:<\/strong>\u00a0fachspezifischer Unterricht zur Schulung zus\u00e4tzlicher Kompetenzen und Pr\u00fcfungsvorbereitung<\/li>\n\n\n\n<li><strong>Events:<\/strong>\u00a0Alle neuen Auszubildenden und Dual Studierenden werden bereits einige Monate vor ihrem Ausbildungsstart zu unserem j\u00e4hrlich stattfindenden, gro\u00dfen Teambuilding-Event eingeladen. Zus\u00e4tzliche Veranstaltungen finden im Laufe des Jahres zu aktuellen Anl\u00e4ssen statt.<\/li>\n\n\n\n<li>F\u00fcr\u00a0<strong>Verpflegung<\/strong>\u00a0ist gesorgt: Verg\u00fcnstigungen in der hauseigenen Kantine mit regionaler, wechselnder K\u00fcche und kostenfreien Getr\u00e4nken<\/li>\n\n\n\n<li><strong>Mobilit\u00e4t:<\/strong>\u00a0Bezuschussung Deutschlandticket oder Sch\u00fcler-Hessenticket<\/li>\n<\/ul>\n\n\n\n<p>Dein Ansprechpartner<\/p>\n\n\n\n<p>Wir freuen uns \u00fcber Deine Bewerbung zu H\u00e4nden Frau Sarah Opel. Bitte reiche bei Deiner Bewerbung&nbsp;<strong>ein Anschreiben, einen Lebenslauf sowie die letzten drei Schulzeugnisse<\/strong>&nbsp;ein und nutze ausschlie\u00dflich die M\u00f6glichkeit der Online-Bewerbung \u00fcber unser Karriere-Portal. Start der Ausbildung ist der 1. August 2026.<\/p>\n\n\n\n<p>Hast du Fragen? Dann schreib uns gerne ein Mail an&nbsp;<a href=\"mailto:ausbildung.darmstadt@doehler.com\">ausbildung.darmstadt@doehler.com<\/a>.<\/p>\n\n\n\n<p><strong>Was Du noch wissen solltest<\/strong><\/p>\n\n\n\n<p>D\u00f6hler ist auf internationalem Erfolgs- und Wachstumskurs &#8211; guten Nachwuchs aus den eigenen Reihen \u00fcbernehmen wir gerne!<\/p>\n","protected":false},"author":188,"featured_media":0,"comment_status":"closed","ping_status":"closed","template":"","job_listing_type":[141],"job_listing_category":[146,148],"job_listing_location":[287],"job_listing_tag":[],"class_list":["post-17876","job_listing","type-job_listing","status-publish","hentry","job_listing_type-ausbildung","job_listing_category-handwerk-produktion","job_listing_category-labor-technik","job_listing_location-darmstadt"],"metas":{"_job_featured_image":"","_job_featured":"","_job_filled":"","_job_urgent":"","_job_category":{"146":"Handwerk &amp; Produktion","148":"Labor &amp; Technik"},"_job_type":{"141":"Ausbildung"},"_job_tag":[],"_job_expiry_date":"","_job_gender":"","_job_apply_type":"external","_job_apply_url":"https:\/\/jobs.doehler.com\/job\/Darmstadt-Ausbildung-zur-m-Industriemechanikerin-2024-mwd-Hess-64295\/955901001\/","_job_apply_email":"","_job_salary_type":"","_job_salary":"","_job_experience":"","_job_career_level":"","_job_qualification":"","_job_video_url":"","_job_photos":{"17994":"https:\/\/ausbildung-frankfurt.de\/wp-content\/uploads\/2026\/04\/job_posting_gallery_DSC_0016_RGB-6.webp","17998":"https:\/\/ausbildung-frankfurt.de\/wp-content\/uploads\/2026\/04\/job_posting_gallery-7-10.webp","18002":"https:\/\/ausbildung-frankfurt.de\/wp-content\/uploads\/2026\/04\/job_posting_gallery-6-17.webp","18004":"https:\/\/ausbildung-frankfurt.de\/wp-content\/uploads\/2026\/04\/job_posting_gallery-5-19.webp","18006":"https:\/\/ausbildung-frankfurt.de\/wp-content\/uploads\/2026\/04\/job_posting_gallery-4-38.webp","18008":"https:\/\/ausbildung-frankfurt.de\/wp-content\/uploads\/2026\/04\/job_posting_gallery-3-79.webp","18010":"https:\/\/ausbildung-frankfurt.de\/wp-content\/uploads\/2026\/04\/job_posting_gallery-2-110.webp","18012":"https:\/\/ausbildung-frankfurt.de\/wp-content\/uploads\/2026\/04\/job_posting_gallery-1-116.webp","18014":"https:\/\/ausbildung-frankfurt.de\/wp-content\/uploads\/2026\/04\/job_posting_gallery-170.webp"},"_job_application_deadline_date":"","_job_address":"Darmstadt, Hesse, Germany","_job_location":{"287":"Darmstadt"},"_job_map_location":{"address":" Darmstadt, Hesse, Germany","latitude":"49.872775","longitude":"8.651177"},"_job_employer_name":"D\u00f6hler GmbH","_job_employer_url":"https:\/\/ausbildung-frankfurt.de\/en\/employer\/doehler-gmbh\/"},"_links":{"self":[{"href":"https:\/\/ausbildung-frankfurt.de\/en\/wp-json\/wp\/v2\/job_listing\/17876","targetHints":{"allow":["GET"]}}],"collection":[{"href":"https:\/\/ausbildung-frankfurt.de\/en\/wp-json\/wp\/v2\/job_listing"}],"about":[{"href":"https:\/\/ausbildung-frankfurt.de\/en\/wp-json\/wp\/v2\/types\/job_listing"}],"author":[{"embeddable":true,"href":"https:\/\/ausbildung-frankfurt.de\/en\/wp-json\/wp\/v2\/users\/188"}],"replies":[{"embeddable":true,"href":"https:\/\/ausbildung-frankfurt.de\/en\/wp-json\/wp\/v2\/comments?post=17876"}],"wp:attachment":[{"href":"https:\/\/ausbildung-frankfurt.de\/en\/wp-json\/wp\/v2\/media?parent=17876"}],"wp:term":[{"taxonomy":"job_listing_type","embeddable":true,"href":"https:\/\/ausbildung-frankfurt.de\/en\/wp-json\/wp\/v2\/job_listing_type?post=17876"},{"taxonomy":"job_listing_category","embeddable":true,"href":"https:\/\/ausbildung-frankfurt.de\/en\/wp-json\/wp\/v2\/job_listing_category?post=17876"},{"taxonomy":"job_listing_location","embeddable":true,"href":"https:\/\/ausbildung-frankfurt.de\/en\/wp-json\/wp\/v2\/job_listing_location?post=17876"},{"taxonomy":"job_listing_tag","embeddable":true,"href":"https:\/\/ausbildung-frankfurt.de\/en\/wp-json\/wp\/v2\/job_listing_tag?post=17876"}],"curies":[{"name":"wp","href":"https:\/\/api.w.org\/{rel}","templated":true}]}}